{"id":366,"date":"2025-09-17T21:28:03","date_gmt":"2025-09-17T21:28:03","guid":{"rendered":"https:\/\/www.labandeapapattes.fr\/?page_id=366"},"modified":"2026-01-28T22:01:04","modified_gmt":"2026-01-28T22:01:04","slug":"les-avis-des-familles-des-chiots-de-la-bandeavis","status":"publish","type":"page","link":"https:\/\/www.labandeapapattes.fr\/index.php\/les-avis-des-familles-des-chiots-de-la-bandeavis\/","title":{"rendered":"Les avis des familles des chiots de la Bande a Papattes"},"content":{"rendered":"\n<div class=\"avis-familles\">\n\n  <p>\n    Parce qu\u2019adopter un chiot, c\u2019est bien plus qu\u2019une simple adoption : \n    c\u2019est rejoindre notre grande famille \ud83d\udc95.<br>\n    Chaque chiot qui quitte la maison emporte un bout de notre c\u0153ur, \n    et nous sommes heureux de le voir s\u2019\u00e9panouir dans sa nouvelle vie entour\u00e9 d\u2019amour.\n  <\/p>\n  <p>\n    \u00c0 travers ces avis et t\u00e9moignages, d\u00e9couvrez l\u2019exp\u00e9rience des familles \n    qui ont d\u00e9j\u00e0 accueilli un membre de la Bande \u00e0 Papattes.<br>\n    Leur bonheur, leurs sourires et leurs mots sont la plus belle preuve \n    de la passion et de l\u2019attention que nous mettons dans l\u2019\u00e9levage de nos petits compagnons \ud83d\udc36\u2728.\n  <\/p>\n\n  <!-- Widget Trustindex -->\n  <div data-src=\"https:\/\/cdn.trustindex.io\/loader.js?b72ca6c5478199795f66867e679\"><\/div>\n\n  <div style=\"text-align:center; margin-top:20px; font-size:1.2em;\">\ud83d\udc3e Merci \u00e0 toutes les familles de la Bande \ud83d\udc3e<\/div>\n<\/div>\n\n<style>\n.avis-familles {\n  background: #f9f9f9;\n  border: 1px solid #ddd;\n  border-radius: 12px;\n  padding: 25px;\n  margin: 40px 0;\n  box-shadow: 2px 2px 10px rgba(0,0,0,0.05);\n}\n\n.avis-familles h2 {\n  text-align: center;\n  font-size: 1.8em;\n  color: #333;\n  margin-bottom: 15px;\n}\n\n.avis-familles p {\n  font-size: 1.1em;\n  line-height: 1.6em;\n  color: #444;\n  text-align: center;\n  max-width: 800px;\n  margin: 0 auto 15px;\n}\n<\/style>\n\n\n\n\n<p><\/p>\n","protected":false},"excerpt":{"rendered":"<p>Parce qu\u2019adopter un chiot, c\u2019est bien plus qu\u2019une simple adoption : c\u2019est rejoindre notre grande famille \ud83d\udc95. Chaque chiot qui quitte la maison emporte un bout de notre c\u0153ur, et nous sommes heureux de le voir s\u2019\u00e9panouir dans sa nouvelle vie entour\u00e9 d\u2019amour. \u00c0 travers ces avis et t\u00e9moignages, d\u00e9couvrez l\u2019exp\u00e9rience des familles qui ont [&hellip;]<\/p>\n","protected":false},"author":1,"featured_media":0,"parent":0,"menu_order":0,"comment_status":"closed","ping_status":"closed","template":"","meta":{"footnotes":""},"class_list":["post-366","page","type-page","status-publish","hentry"],"yoast_head":"<!-- This site is optimized with the Yoast SEO plugin v27.4 - https:\/\/yoast.com\/product\/yoast-seo-wordpress\/ -->\n<title>T\u00e9moignages familles \u2013 Chiots Border Collie La Bande \u00e0 Papattes<\/title>\n<meta name=\"description\" content=\"D\u00e9couvrez les avis des familles ayant adopt\u00e9 nos Border Collies \u00e0 La Bande \u00e0 Papattes, \u00e9levage familial \u00e0 Chezal Benoit (Cher 18160).\" \/>\n<meta name=\"robots\" content=\"index, follow, max-snippet:-1, max-image-preview:large, max-video-preview:-1\" \/>\n<link rel=\"canonical\" href=\"https:\/\/www.labandeapapattes.fr\/index.php\/les-avis-des-familles-des-chiots-de-la-bandeavis\/\" \/>\n<meta property=\"og:locale\" content=\"fr_FR\" \/>\n<meta property=\"og:type\" content=\"article\" \/>\n<meta property=\"og:title\" content=\"T\u00e9moignages familles \u2013 Chiots Border Collie La Bande \u00e0 Papattes\" \/>\n<meta property=\"og:description\" content=\"D\u00e9couvrez les avis des familles ayant adopt\u00e9 nos Border Collies \u00e0 La Bande \u00e0 Papattes, \u00e9levage familial \u00e0 Chezal Benoit (Cher 18160).\" \/>\n<meta property=\"og:url\" content=\"https:\/\/www.labandeapapattes.fr\/index.php\/les-avis-des-familles-des-chiots-de-la-bandeavis\/\" \/>\n<meta property=\"og:site_name\" content=\"La Bande A Papattes\" \/>\n<meta property=\"article:publisher\" content=\"https:\/\/www.facebook.com\/profile.php?id=61552778915373\" \/>\n<meta property=\"article:modified_time\" content=\"2026-01-28T22:01:04+00:00\" \/>\n<meta name=\"twitter:card\" content=\"summary_large_image\" \/>\n<meta name=\"twitter:label1\" content=\"Dur\u00e9e de lecture estim\u00e9e\" \/>\n\t<meta name=\"twitter:data1\" content=\"1 minute\" \/>\n<script type=\"application\/ld+json\" class=\"yoast-schema-graph\">{\"@context\":\"https:\\\/\\\/schema.org\",\"@graph\":[{\"@type\":\"WebPage\",\"@id\":\"https:\\\/\\\/www.labandeapapattes.fr\\\/index.php\\\/les-avis-des-familles-des-chiots-de-la-bandeavis\\\/\",\"url\":\"https:\\\/\\\/www.labandeapapattes.fr\\\/index.php\\\/les-avis-des-familles-des-chiots-de-la-bandeavis\\\/\",\"name\":\"T\u00e9moignages familles \u2013 Chiots Border Collie La Bande \u00e0 Papattes\",\"isPartOf\":{\"@id\":\"https:\\\/\\\/www.labandeapapattes.fr\\\/#website\"},\"datePublished\":\"2025-09-17T21:28:03+00:00\",\"dateModified\":\"2026-01-28T22:01:04+00:00\",\"description\":\"D\u00e9couvrez les avis des familles ayant adopt\u00e9 nos Border Collies \u00e0 La Bande \u00e0 Papattes, \u00e9levage familial \u00e0 Chezal Benoit (Cher 18160).\",\"breadcrumb\":{\"@id\":\"https:\\\/\\\/www.labandeapapattes.fr\\\/index.php\\\/les-avis-des-familles-des-chiots-de-la-bandeavis\\\/#breadcrumb\"},\"inLanguage\":\"fr-FR\",\"potentialAction\":[{\"@type\":\"ReadAction\",\"target\":[\"https:\\\/\\\/www.labandeapapattes.fr\\\/index.php\\\/les-avis-des-familles-des-chiots-de-la-bandeavis\\\/\"]}]},{\"@type\":\"BreadcrumbList\",\"@id\":\"https:\\\/\\\/www.labandeapapattes.fr\\\/index.php\\\/les-avis-des-familles-des-chiots-de-la-bandeavis\\\/#breadcrumb\",\"itemListElement\":[{\"@type\":\"ListItem\",\"position\":1,\"name\":\"Accueil\",\"item\":\"https:\\\/\\\/www.labandeapapattes.fr\\\/\"},{\"@type\":\"ListItem\",\"position\":2,\"name\":\"Les avis des familles des chiots de la Bande a Papattes\"}]},{\"@type\":\"WebSite\",\"@id\":\"https:\\\/\\\/www.labandeapapattes.fr\\\/#website\",\"url\":\"https:\\\/\\\/www.labandeapapattes.fr\\\/\",\"name\":\"La Bande A Papattes\",\"description\":\"\",\"publisher\":{\"@id\":\"https:\\\/\\\/www.labandeapapattes.fr\\\/#organization\"},\"potentialAction\":[{\"@type\":\"SearchAction\",\"target\":{\"@type\":\"EntryPoint\",\"urlTemplate\":\"https:\\\/\\\/www.labandeapapattes.fr\\\/?s={search_term_string}\"},\"query-input\":{\"@type\":\"PropertyValueSpecification\",\"valueRequired\":true,\"valueName\":\"search_term_string\"}}],\"inLanguage\":\"fr-FR\"},{\"@type\":\"Organization\",\"@id\":\"https:\\\/\\\/www.labandeapapattes.fr\\\/#organization\",\"name\":\"La Bande A Papattes\",\"url\":\"https:\\\/\\\/www.labandeapapattes.fr\\\/\",\"logo\":{\"@type\":\"ImageObject\",\"inLanguage\":\"fr-FR\",\"@id\":\"https:\\\/\\\/www.labandeapapattes.fr\\\/#\\\/schema\\\/logo\\\/image\\\/\",\"url\":\"https:\\\/\\\/www.labandeapapattes.fr\\\/wp-content\\\/uploads\\\/2025\\\/09\\\/cropped-android-chrome-512x512-2.png\",\"contentUrl\":\"https:\\\/\\\/www.labandeapapattes.fr\\\/wp-content\\\/uploads\\\/2025\\\/09\\\/cropped-android-chrome-512x512-2.png\",\"width\":50,\"height\":50,\"caption\":\"La Bande A Papattes\"},\"image\":{\"@id\":\"https:\\\/\\\/www.labandeapapattes.fr\\\/#\\\/schema\\\/logo\\\/image\\\/\"},\"sameAs\":[\"https:\\\/\\\/www.facebook.com\\\/profile.php?id=61552778915373\",\"https:\\\/\\\/www.tiktok.com\\\/@la.bande.a.papatt\",\"https:\\\/\\\/www.instagram.com\\\/la_bande_a_papattes\\\/\"]}]}<\/script>\n<!-- \/ Yoast SEO plugin. -->","yoast_head_json":{"title":"T\u00e9moignages familles \u2013 Chiots Border Collie La Bande \u00e0 Papattes","description":"D\u00e9couvrez les avis des familles ayant adopt\u00e9 nos Border Collies \u00e0 La Bande \u00e0 Papattes, \u00e9levage familial \u00e0 Chezal Benoit (Cher 18160).","robots":{"index":"index","follow":"follow","max-snippet":"max-snippet:-1","max-image-preview":"max-image-preview:large","max-video-preview":"max-video-preview:-1"},"canonical":"https:\/\/www.labandeapapattes.fr\/index.php\/les-avis-des-familles-des-chiots-de-la-bandeavis\/","og_locale":"fr_FR","og_type":"article","og_title":"T\u00e9moignages familles \u2013 Chiots Border Collie La Bande \u00e0 Papattes","og_description":"D\u00e9couvrez les avis des familles ayant adopt\u00e9 nos Border Collies \u00e0 La Bande \u00e0 Papattes, \u00e9levage familial \u00e0 Chezal Benoit (Cher 18160).","og_url":"https:\/\/www.labandeapapattes.fr\/index.php\/les-avis-des-familles-des-chiots-de-la-bandeavis\/","og_site_name":"La Bande A Papattes","article_publisher":"https:\/\/www.facebook.com\/profile.php?id=61552778915373","article_modified_time":"2026-01-28T22:01:04+00:00","twitter_card":"summary_large_image","twitter_misc":{"Dur\u00e9e de lecture estim\u00e9e":"1 minute"},"schema":{"@context":"https:\/\/schema.org","@graph":[{"@type":"WebPage","@id":"https:\/\/www.labandeapapattes.fr\/index.php\/les-avis-des-familles-des-chiots-de-la-bandeavis\/","url":"https:\/\/www.labandeapapattes.fr\/index.php\/les-avis-des-familles-des-chiots-de-la-bandeavis\/","name":"T\u00e9moignages familles \u2013 Chiots Border Collie La Bande \u00e0 Papattes","isPartOf":{"@id":"https:\/\/www.labandeapapattes.fr\/#website"},"datePublished":"2025-09-17T21:28:03+00:00","dateModified":"2026-01-28T22:01:04+00:00","description":"D\u00e9couvrez les avis des familles ayant adopt\u00e9 nos Border Collies \u00e0 La Bande \u00e0 Papattes, \u00e9levage familial \u00e0 Chezal Benoit (Cher 18160).","breadcrumb":{"@id":"https:\/\/www.labandeapapattes.fr\/index.php\/les-avis-des-familles-des-chiots-de-la-bandeavis\/#breadcrumb"},"inLanguage":"fr-FR","potentialAction":[{"@type":"ReadAction","target":["https:\/\/www.labandeapapattes.fr\/index.php\/les-avis-des-familles-des-chiots-de-la-bandeavis\/"]}]},{"@type":"BreadcrumbList","@id":"https:\/\/www.labandeapapattes.fr\/index.php\/les-avis-des-familles-des-chiots-de-la-bandeavis\/#breadcrumb","itemListElement":[{"@type":"ListItem","position":1,"name":"Accueil","item":"https:\/\/www.labandeapapattes.fr\/"},{"@type":"ListItem","position":2,"name":"Les avis des familles des chiots de la Bande a Papattes"}]},{"@type":"WebSite","@id":"https:\/\/www.labandeapapattes.fr\/#website","url":"https:\/\/www.labandeapapattes.fr\/","name":"La Bande A Papattes","description":"","publisher":{"@id":"https:\/\/www.labandeapapattes.fr\/#organization"},"potentialAction":[{"@type":"SearchAction","target":{"@type":"EntryPoint","urlTemplate":"https:\/\/www.labandeapapattes.fr\/?s={search_term_string}"},"query-input":{"@type":"PropertyValueSpecification","valueRequired":true,"valueName":"search_term_string"}}],"inLanguage":"fr-FR"},{"@type":"Organization","@id":"https:\/\/www.labandeapapattes.fr\/#organization","name":"La Bande A Papattes","url":"https:\/\/www.labandeapapattes.fr\/","logo":{"@type":"ImageObject","inLanguage":"fr-FR","@id":"https:\/\/www.labandeapapattes.fr\/#\/schema\/logo\/image\/","url":"https:\/\/www.labandeapapattes.fr\/wp-content\/uploads\/2025\/09\/cropped-android-chrome-512x512-2.png","contentUrl":"https:\/\/www.labandeapapattes.fr\/wp-content\/uploads\/2025\/09\/cropped-android-chrome-512x512-2.png","width":50,"height":50,"caption":"La Bande A Papattes"},"image":{"@id":"https:\/\/www.labandeapapattes.fr\/#\/schema\/logo\/image\/"},"sameAs":["https:\/\/www.facebook.com\/profile.php?id=61552778915373","https:\/\/www.tiktok.com\/@la.bande.a.papatt","https:\/\/www.instagram.com\/la_bande_a_papattes\/"]}]}},"_links":{"self":[{"href":"https:\/\/www.labandeapapattes.fr\/index.php\/wp-json\/wp\/v2\/pages\/366","targetHints":{"allow":["GET"]}}],"collection":[{"href":"https:\/\/www.labandeapapattes.fr\/index.php\/wp-json\/wp\/v2\/pages"}],"about":[{"href":"https:\/\/www.labandeapapattes.fr\/index.php\/wp-json\/wp\/v2\/types\/page"}],"author":[{"embeddable":true,"href":"https:\/\/www.labandeapapattes.fr\/index.php\/wp-json\/wp\/v2\/users\/1"}],"replies":[{"embeddable":true,"href":"https:\/\/www.labandeapapattes.fr\/index.php\/wp-json\/wp\/v2\/comments?post=366"}],"version-history":[{"count":11,"href":"https:\/\/www.labandeapapattes.fr\/index.php\/wp-json\/wp\/v2\/pages\/366\/revisions"}],"predecessor-version":[{"id":1225,"href":"https:\/\/www.labandeapapattes.fr\/index.php\/wp-json\/wp\/v2\/pages\/366\/revisions\/1225"}],"wp:attachment":[{"href":"https:\/\/www.labandeapapattes.fr\/index.php\/wp-json\/wp\/v2\/media?parent=366"}],"curies":[{"name":"wp","href":"https:\/\/api.w.org\/{rel}","templated":true}]}}